{"id":69,"date":"2025-09-19T14:43:07","date_gmt":"2025-09-19T13:43:07","guid":{"rendered":"https:\/\/foreningen-motiv.dk\/?page_id=69"},"modified":"2025-11-14T10:40:56","modified_gmt":"2025-11-14T09:40:56","slug":"projekter","status":"publish","type":"page","link":"https:\/\/foreningen-motiv.dk\/?page_id=69","title":{"rendered":"Projekter"},"content":{"rendered":"\t\t<div data-elementor-type=\"wp-page\" data-elementor-id=\"69\" class=\"elementor elementor-69\" data-elementor-post-type=\"page\">\n\t\t\t\t<div class=\"elementor-element elementor-element-aa58154 e-grid e-con-full e-con e-parent\" data-id=\"aa58154\" data-element_type=\"container\">\n\t\t\t\t<div class=\"elementor-element elementor-element-21f4ae7 logo-t elementor-widget elementor-widget-image\" data-id=\"21f4ae7\" data-element_type=\"widget\" data-widget_type=\"image.default\">\n\t\t\t\t<div class=\"elementor-widget-container\">\n\t\t\t\t\t\t\t\t\t\t\t\t\t\t\t\t<a href=\"https:\/\/foreningen-motiv.dk\">\n\t\t\t\t\t\t\t<img fetchpriority=\"high\" decoding=\"async\" width=\"754\" height=\"177\" src=\"https:\/\/foreningen-motiv.dk\/wp-content\/uploads\/2025\/09\/logo2.T.blaa_.png\" class=\"attachment-large size-large wp-image-184\" alt=\"\" srcset=\"https:\/\/foreningen-motiv.dk\/wp-content\/uploads\/2025\/09\/logo2.T.blaa_.png 754w, https:\/\/foreningen-motiv.dk\/wp-content\/uploads\/2025\/09\/logo2.T.blaa_-300x70.png 300w\" sizes=\"(max-width: 754px) 100vw, 754px\" \/>\t\t\t\t\t\t\t\t<\/a>\n\t\t\t\t\t\t\t\t\t\t\t\t\t\t\t<\/div>\n\t\t\t\t<\/div>\n\t\t\t\t<div class=\"elementor-element elementor-element-b38e73f logo-s elementor-widget elementor-widget-image\" data-id=\"b38e73f\" data-element_type=\"widget\" data-widget_type=\"image.default\">\n\t\t\t\t<div class=\"elementor-widget-container\">\n\t\t\t\t\t\t\t\t\t\t\t\t\t\t\t\t<a href=\"https:\/\/foreningen-motiv.dk\">\n\t\t\t\t\t\t\t<img decoding=\"async\" width=\"800\" height=\"802\" src=\"https:\/\/foreningen-motiv.dk\/wp-content\/uploads\/2025\/09\/logo3.S.blaa_.png\" class=\"attachment-large size-large wp-image-183\" alt=\"\" srcset=\"https:\/\/foreningen-motiv.dk\/wp-content\/uploads\/2025\/09\/logo3.S.blaa_.png 1018w, https:\/\/foreningen-motiv.dk\/wp-content\/uploads\/2025\/09\/logo3.S.blaa_-300x300.png 300w, https:\/\/foreningen-motiv.dk\/wp-content\/uploads\/2025\/09\/logo3.S.blaa_-150x150.png 150w, https:\/\/foreningen-motiv.dk\/wp-content\/uploads\/2025\/09\/logo3.S.blaa_-768x770.png 768w\" sizes=\"(max-width: 800px) 100vw, 800px\" \/>\t\t\t\t\t\t\t\t<\/a>\n\t\t\t\t\t\t\t\t\t\t\t\t\t\t\t<\/div>\n\t\t\t\t<\/div>\n\t\t\t\t<\/div>\n\t\t<div class=\"elementor-element elementor-element-a4a4623 e-con-full e-flex e-con e-parent\" data-id=\"a4a4623\" data-element_type=\"container\">\n\t\t\t\t<div class=\"elementor-element elementor-element-e617284 elementor-widget-divider--view-line elementor-widget elementor-widget-divider\" data-id=\"e617284\" data-element_type=\"widget\" data-widget_type=\"divider.default\">\n\t\t\t\t<div class=\"elementor-widget-container\">\n\t\t\t\t\t\t\t<div class=\"elementor-divider\">\n\t\t\t<span class=\"elementor-divider-separator\">\n\t\t\t\t\t\t<\/span>\n\t\t<\/div>\n\t\t\t\t\t\t<\/div>\n\t\t\t\t<\/div>\n\t\t\t\t<\/div>\n\t\t<div class=\"elementor-element elementor-element-eff785e e-flex e-con-boxed e-con e-parent\" data-id=\"eff785e\" data-element_type=\"container\">\n\t\t\t\t\t<div class=\"e-con-inner\">\n\t\t\t\t<div class=\"elementor-element elementor-element-6168b3e elementor-widget elementor-widget-spacer\" data-id=\"6168b3e\" data-element_type=\"widget\" data-widget_type=\"spacer.default\">\n\t\t\t\t<div class=\"elementor-widget-container\">\n\t\t\t\t\t\t\t<div class=\"elementor-spacer\">\n\t\t\t<div class=\"elementor-spacer-inner\"><\/div>\n\t\t<\/div>\n\t\t\t\t\t\t<\/div>\n\t\t\t\t<\/div>\n\t\t\t\t\t<\/div>\n\t\t\t\t<\/div>\n\t\t<div class=\"elementor-element elementor-element-a7a44b8 e-con-full e-flex e-con e-parent\" data-id=\"a7a44b8\" data-element_type=\"container\">\n\t\t\t\t<div class=\"elementor-element elementor-element-de6de8b elementor-widget elementor-widget-heading\" data-id=\"de6de8b\" data-element_type=\"widget\" data-widget_type=\"heading.default\">\n\t\t\t\t<div class=\"elementor-widget-container\">\n\t\t\t\t\t<h2 class=\"elementor-heading-title elementor-size-default\">MOTIV arbejder med projekter i to spor<\/h2>\t\t\t\t<\/div>\n\t\t\t\t<\/div>\n\t\t\t\t<\/div>\n\t\t<div class=\"elementor-element elementor-element-4a16bec e-flex e-con-boxed e-con e-parent\" data-id=\"4a16bec\" data-element_type=\"container\">\n\t\t\t\t\t<div class=\"e-con-inner\">\n\t\t\t\t<div class=\"elementor-element elementor-element-5a78d34 elementor-widget elementor-widget-spacer\" data-id=\"5a78d34\" data-element_type=\"widget\" data-widget_type=\"spacer.default\">\n\t\t\t\t<div class=\"elementor-widget-container\">\n\t\t\t\t\t\t\t<div class=\"elementor-spacer\">\n\t\t\t<div class=\"elementor-spacer-inner\"><\/div>\n\t\t<\/div>\n\t\t\t\t\t\t<\/div>\n\t\t\t\t<\/div>\n\t\t\t\t\t<\/div>\n\t\t\t\t<\/div>\n\t\t<div class=\"elementor-element elementor-element-aaa3d5f e-grid e-con-full e-transform projects-introtext e-con e-parent\" data-id=\"aaa3d5f\" data-element_type=\"container\" data-settings=\"{&quot;_transform_scale_effect&quot;:{&quot;unit&quot;:&quot;px&quot;,&quot;size&quot;:0.9,&quot;sizes&quot;:[]},&quot;_transform_scale_effect_tablet&quot;:{&quot;unit&quot;:&quot;px&quot;,&quot;size&quot;:&quot;&quot;,&quot;sizes&quot;:[]},&quot;_transform_scale_effect_mobile&quot;:{&quot;unit&quot;:&quot;px&quot;,&quot;size&quot;:&quot;&quot;,&quot;sizes&quot;:[]}}\">\n\t\t\t\t<div class=\"elementor-element elementor-element-87741ef elementor-widget__width-initial e-transform elementor-widget elementor-widget-heading\" data-id=\"87741ef\" data-element_type=\"widget\" data-settings=\"{&quot;_transform_scaleX_effect&quot;:{&quot;unit&quot;:&quot;px&quot;,&quot;size&quot;:&quot;&quot;,&quot;sizes&quot;:[]},&quot;_transform_scaleX_effect_tablet&quot;:{&quot;unit&quot;:&quot;px&quot;,&quot;size&quot;:&quot;&quot;,&quot;sizes&quot;:[]},&quot;_transform_scaleX_effect_mobile&quot;:{&quot;unit&quot;:&quot;px&quot;,&quot;size&quot;:&quot;&quot;,&quot;sizes&quot;:[]},&quot;_transform_scaleY_effect&quot;:{&quot;unit&quot;:&quot;px&quot;,&quot;size&quot;:&quot;&quot;,&quot;sizes&quot;:[]},&quot;_transform_scaleY_effect_tablet&quot;:{&quot;unit&quot;:&quot;px&quot;,&quot;size&quot;:&quot;&quot;,&quot;sizes&quot;:[]},&quot;_transform_scaleY_effect_mobile&quot;:{&quot;unit&quot;:&quot;px&quot;,&quot;size&quot;:&quot;&quot;,&quot;sizes&quot;:[]}}\" data-widget_type=\"heading.default\">\n\t\t\t\t<div class=\"elementor-widget-container\">\n\t\t\t\t\t<h4 class=\"elementor-heading-title elementor-size-default\">Kunst som Trivselsfremme<\/h4>\t\t\t\t<\/div>\n\t\t\t\t<\/div>\n\t\t\t\t<div class=\"elementor-element elementor-element-83eb8b5 elementor-widget__width-initial elementor-widget elementor-widget-text-editor\" data-id=\"83eb8b5\" data-element_type=\"widget\" data-widget_type=\"text-editor.default\">\n\t\t\t\t<div class=\"elementor-widget-container\">\n\t\t\t\t\t\t\t\t\t<p>M\u00e5lgrupper: Borgere med sociale, psykiske, neurodivergente og fysiske udfordringer.<\/p><p>Vi udf\u00f8rer projekter med kunst som redskab til bedre livsmestring, hvor vi benytter kunstens trivselsfremmende egenskaber i m\u00f8det med borgere, der har begr\u00e6nset adgang til kunst. Projekter som er m\u00e5lrettet udsatte borgere, der kan have gl\u00e6de af m\u00f8det med kunstnere, og derved opn\u00e5 bedre trivsel i positive f\u00e6llesskaber.<\/p><p>_________________________________<\/p>\t\t\t\t\t\t\t\t<\/div>\n\t\t\t\t<\/div>\n\t\t\t\t<div class=\"elementor-element elementor-element-def553b elementor-widget__width-inherit elementor-widget elementor-widget-heading\" data-id=\"def553b\" data-element_type=\"widget\" data-widget_type=\"heading.default\">\n\t\t\t\t<div class=\"elementor-widget-container\">\n\t\t\t\t\t<h4 class=\"elementor-heading-title elementor-size-default\">BEDRE ARBEJDSMIL\u00d8<\/h4>\t\t\t\t<\/div>\n\t\t\t\t<\/div>\n\t\t\t\t<div class=\"elementor-element elementor-element-362d5ad elementor-widget__width-initial elementor-widget elementor-widget-text-editor\" data-id=\"362d5ad\" data-element_type=\"widget\" data-widget_type=\"text-editor.default\">\n\t\t\t\t<div class=\"elementor-widget-container\">\n\t\t\t\t\t\t\t\t\t<p>M\u00e5lgrupper: Kunstnere der s\u00f8ger viden og \u00f8nsker et bedre arbejdsmilj\u00f8.<\/p><p>MOTIV har fokus p\u00e5 et bedre arbejdsmilj\u00f8 i de kunstneriske erhverv, hvor vi gennem workshops og kompetenceforl\u00f8b samler viden og deler erfaringer der f\u00f8rer til et b\u00e6redygtigt kunstnerisk virke.<\/p>\t\t\t\t\t\t\t\t<\/div>\n\t\t\t\t<\/div>\n\t\t\t\t<\/div>\n\t\t<div class=\"elementor-element elementor-element-a548d6c e-con-full projekter-hl-c e-flex e-con e-parent\" data-id=\"a548d6c\" data-element_type=\"container\">\n\t\t\t\t<div class=\"elementor-element elementor-element-16b49eb projekter-hl elementor-widget elementor-widget-heading\" data-id=\"16b49eb\" data-element_type=\"widget\" data-widget_type=\"heading.default\">\n\t\t\t\t<div class=\"elementor-widget-container\">\n\t\t\t\t\t<h2 class=\"elementor-heading-title elementor-size-default\">Projekter<\/h2>\t\t\t\t<\/div>\n\t\t\t\t<\/div>\n\t\t\t\t<\/div>\n\t\t<div class=\"elementor-element elementor-element-cfa5456 e-con-full projects-box e-flex e-con e-parent\" data-id=\"cfa5456\" data-element_type=\"container\">\n\t\t<div class=\"elementor-element elementor-element-3b6a2fd e-grid e-con-full projects-grid e-con e-child\" data-id=\"3b6a2fd\" data-element_type=\"container\">\n\t\t<a class=\"elementor-element elementor-element-f545b95 e-con-full project-card1 e-flex e-con e-child\" data-id=\"f545b95\" data-element_type=\"container\" href=\"https:\/\/korma.dk\/bibliotek\/livsvaerker-artikel\">\n\t\t\t\t<div class=\"elementor-element elementor-element-2425fc8 project-title elementor-widget elementor-widget-heading\" data-id=\"2425fc8\" data-element_type=\"widget\" data-widget_type=\"heading.default\">\n\t\t\t\t<div class=\"elementor-widget-container\">\n\t\t\t\t\t<h4 class=\"elementor-heading-title elementor-size-default\">Livsv\u00e6rker<\/h4>\t\t\t\t<\/div>\n\t\t\t\t<\/div>\n\t\t\t\t<div class=\"elementor-element elementor-element-ad7a3bc project-text elementor-widget elementor-widget-text-editor\" data-id=\"ad7a3bc\" data-element_type=\"widget\" data-widget_type=\"text-editor.default\">\n\t\t\t\t<div class=\"elementor-widget-container\">\n\t\t\t\t\t\t\t\t\t<p>Hvordan lyder et liv, n\u00e5r det bliver fortalt i en sang? Det sp\u00f8rgsm\u00e5l pr\u00f8ver projektet Livsv\u00e6rker at besvare, n\u00e5r nordjyske sangskrivere bes\u00f8ger forsorgshjem og institutioner i Nordjylland for at m\u00f8de mennesker, der sj\u00e6ldent st\u00e5r i rampelyset.<\/p><p>Sammen med beboerne har udvalgte sangskriverne lyttet, talt, grinet, reflekteret og skrevet sange.<\/p><p>Sange, der giver stemme til dem, vi ikke s\u00e5 ofte h\u00f8rer fra.<\/p>\t\t\t\t\t\t\t\t<\/div>\n\t\t\t\t<\/div>\n\t\t\t\t<div class=\"elementor-element elementor-element-ce06778 project-cta elementor-widget elementor-widget-image\" data-id=\"ce06778\" data-element_type=\"widget\" data-widget_type=\"image.default\">\n\t\t\t\t<div class=\"elementor-widget-container\">\n\t\t\t\t\t\t\t\t\t\t\t\t\t\t\t<img decoding=\"async\" width=\"800\" height=\"802\" src=\"https:\/\/foreningen-motiv.dk\/wp-content\/uploads\/2025\/09\/motiv.logo_.orange2-1021x1024.png\" class=\"attachment-large size-large wp-image-462\" alt=\"\" srcset=\"https:\/\/foreningen-motiv.dk\/wp-content\/uploads\/2025\/09\/motiv.logo_.orange2-1021x1024.png 1021w, https:\/\/foreningen-motiv.dk\/wp-content\/uploads\/2025\/09\/motiv.logo_.orange2-300x300.png 300w, https:\/\/foreningen-motiv.dk\/wp-content\/uploads\/2025\/09\/motiv.logo_.orange2-150x150.png 150w, https:\/\/foreningen-motiv.dk\/wp-content\/uploads\/2025\/09\/motiv.logo_.orange2-768x770.png 768w, https:\/\/foreningen-motiv.dk\/wp-content\/uploads\/2025\/09\/motiv.logo_.orange2-1531x1536.png 1531w, https:\/\/foreningen-motiv.dk\/wp-content\/uploads\/2025\/09\/motiv.logo_.orange2-2042x2048.png 2042w\" sizes=\"(max-width: 800px) 100vw, 800px\" \/>\t\t\t\t\t\t\t\t\t\t\t\t\t\t\t<\/div>\n\t\t\t\t<\/div>\n\t\t\t\t<\/a>\n\t\t<a class=\"elementor-element elementor-element-94da4fe e-con-full project-card2 e-flex e-con e-child\" data-id=\"94da4fe\" data-element_type=\"container\" href=\"https:\/\/proudartist.dk\">\n\t\t\t\t<div class=\"elementor-element elementor-element-3f6b332 project-title elementor-widget elementor-widget-heading\" data-id=\"3f6b332\" data-element_type=\"widget\" data-widget_type=\"heading.default\">\n\t\t\t\t<div class=\"elementor-widget-container\">\n\t\t\t\t\t<h4 class=\"elementor-heading-title elementor-size-default\">Proud Artist<\/h4>\t\t\t\t<\/div>\n\t\t\t\t<\/div>\n\t\t\t\t<div class=\"elementor-element elementor-element-a608125 project-text elementor-widget elementor-widget-text-editor\" data-id=\"a608125\" data-element_type=\"widget\" data-widget_type=\"text-editor.default\">\n\t\t\t\t<div class=\"elementor-widget-container\">\n\t\t\t\t\t\t\t\t\t<p>Gennem projektet<strong> Proud Artist<\/strong> unders\u00f8ges muligheden at h\u00f8jne trivslen i den danske musikbranche ved at s\u00e6tte ind tidligt med r\u00e5d og vejledning.<\/p><p>20 bands\/solister fra Region Midtjylland, gennemg\u00e5r et forl\u00f8b, hvor de m\u00f8der en r\u00e6kke professionelle akt\u00f8rer fra alle hj\u00f8rner af musikbranchen.\u00a0<\/p><p>I l\u00f8bet af 2025 og 2026 tilbydes fem forl\u00f8b i fem forskellige byer.<\/p>\t\t\t\t\t\t\t\t<\/div>\n\t\t\t\t<\/div>\n\t\t\t\t<div class=\"elementor-element elementor-element-5257edc project-cta elementor-widget elementor-widget-image\" data-id=\"5257edc\" data-element_type=\"widget\" data-widget_type=\"image.default\">\n\t\t\t\t<div class=\"elementor-widget-container\">\n\t\t\t\t\t\t\t\t\t\t\t\t\t\t\t<img loading=\"lazy\" decoding=\"async\" width=\"800\" height=\"800\" src=\"https:\/\/foreningen-motiv.dk\/wp-content\/uploads\/2025\/10\/PA.logo_.orange2-1024x1024.png\" class=\"attachment-large size-large wp-image-1203\" alt=\"\" srcset=\"https:\/\/foreningen-motiv.dk\/wp-content\/uploads\/2025\/10\/PA.logo_.orange2-1024x1024.png 1024w, https:\/\/foreningen-motiv.dk\/wp-content\/uploads\/2025\/10\/PA.logo_.orange2-300x300.png 300w, https:\/\/foreningen-motiv.dk\/wp-content\/uploads\/2025\/10\/PA.logo_.orange2-150x150.png 150w, https:\/\/foreningen-motiv.dk\/wp-content\/uploads\/2025\/10\/PA.logo_.orange2-768x768.png 768w, https:\/\/foreningen-motiv.dk\/wp-content\/uploads\/2025\/10\/PA.logo_.orange2.png 1054w\" sizes=\"(max-width: 800px) 100vw, 800px\" \/>\t\t\t\t\t\t\t\t\t\t\t\t\t\t\t<\/div>\n\t\t\t\t<\/div>\n\t\t\t\t<\/a>\n\t\t<a class=\"elementor-element elementor-element-54e244e e-con-full project-card3 e-flex e-con e-child\" data-id=\"54e244e\" data-element_type=\"container\" href=\"https:\/\/radarlive.dk\/tal\">\n\t\t\t\t<div class=\"elementor-element elementor-element-4c14fa6 project-title elementor-widget elementor-widget-heading\" data-id=\"4c14fa6\" data-element_type=\"widget\" data-widget_type=\"heading.default\">\n\t\t\t\t<div class=\"elementor-widget-container\">\n\t\t\t\t\t<h4 class=\"elementor-heading-title elementor-size-default\">tal<\/h4>\t\t\t\t<\/div>\n\t\t\t\t<\/div>\n\t\t\t\t<div class=\"elementor-element elementor-element-194f36c project-text elementor-widget elementor-widget-text-editor\" data-id=\"194f36c\" data-element_type=\"widget\" data-widget_type=\"text-editor.default\">\n\t\t\t\t<div class=\"elementor-widget-container\">\n\t\t\t\t\t\t\t\t\t<p>TAL har til form\u00e5l at unders\u00f8ge og vende den udbredte mistrivsel i musikbranchen, is\u00e6r ved at give v\u00e6rkt\u00f8jer til at overskueligg\u00f8re udfordrende processer hos det aktuelle v\u00e6kstlag.<\/p><p>TAL facilitere givende workshop-dage, der l\u00e6gger op til dialog mellem deltagere og aktuelle artister\/musikere om musikbranchens arbejdsmilj\u00f8. Desuden vil Mental Voice, som netop arbejder for at \u00f8ge bevidstheden om mental styrke og trivsel i den danske musikbranche, helt konkret undervise i balancen mellem ressourcer og krav, samt mindset i en pr\u00e6stationskontekst.<\/p>\t\t\t\t\t\t\t\t<\/div>\n\t\t\t\t<\/div>\n\t\t\t\t<div class=\"elementor-element elementor-element-8299864 project-cta elementor-widget elementor-widget-image\" data-id=\"8299864\" data-element_type=\"widget\" data-widget_type=\"image.default\">\n\t\t\t\t<div class=\"elementor-widget-container\">\n\t\t\t\t\t\t\t\t\t\t\t\t\t\t\t<img loading=\"lazy\" decoding=\"async\" width=\"800\" height=\"787\" src=\"https:\/\/foreningen-motiv.dk\/wp-content\/uploads\/2025\/10\/tal.logo_.orange2.png\" class=\"attachment-large size-large wp-image-1204\" alt=\"\" srcset=\"https:\/\/foreningen-motiv.dk\/wp-content\/uploads\/2025\/10\/tal.logo_.orange2.png 943w, https:\/\/foreningen-motiv.dk\/wp-content\/uploads\/2025\/10\/tal.logo_.orange2-300x295.png 300w, https:\/\/foreningen-motiv.dk\/wp-content\/uploads\/2025\/10\/tal.logo_.orange2-768x756.png 768w\" sizes=\"(max-width: 800px) 100vw, 800px\" \/>\t\t\t\t\t\t\t\t\t\t\t\t\t\t\t<\/div>\n\t\t\t\t<\/div>\n\t\t\t\t<\/a>\n\t\t\t\t<\/div>\n\t\t\t\t<\/div>\n\t\t\t\t<\/div>\n\t\t","protected":false},"excerpt":{"rendered":"<p>MOTIV arbejder med projekter i to spor Kunst som Trivselsfremme M\u00e5lgrupper: Borgere med sociale, psykiske, neurodivergente og fysiske udfordringer. Vi udf\u00f8rer projekter med kunst som redskab til bedre livsmestring, hvor vi benytter kunstens trivselsfremmende egenskaber i m\u00f8det med borgere, der har begr\u00e6nset adgang til kunst. Projekter som er m\u00e5lrettet udsatte borgere, der kan have gl\u00e6de [&hellip;]<\/p>\n","protected":false},"author":2,"featured_media":0,"parent":0,"menu_order":0,"comment_status":"closed","ping_status":"closed","template":"","meta":{"inline_featured_image":false,"footnotes":""},"class_list":["post-69","page","type-page","status-publish","hentry"],"_links":{"self":[{"href":"https:\/\/foreningen-motiv.dk\/index.php?rest_route=\/wp\/v2\/pages\/69","targetHints":{"allow":["GET"]}}],"collection":[{"href":"https:\/\/foreningen-motiv.dk\/index.php?rest_route=\/wp\/v2\/pages"}],"about":[{"href":"https:\/\/foreningen-motiv.dk\/index.php?rest_route=\/wp\/v2\/types\/page"}],"author":[{"embeddable":true,"href":"https:\/\/foreningen-motiv.dk\/index.php?rest_route=\/wp\/v2\/users\/2"}],"replies":[{"embeddable":true,"href":"https:\/\/foreningen-motiv.dk\/index.php?rest_route=%2Fwp%2Fv2%2Fcomments&post=69"}],"version-history":[{"count":15,"href":"https:\/\/foreningen-motiv.dk\/index.php?rest_route=\/wp\/v2\/pages\/69\/revisions"}],"predecessor-version":[{"id":2376,"href":"https:\/\/foreningen-motiv.dk\/index.php?rest_route=\/wp\/v2\/pages\/69\/revisions\/2376"}],"wp:attachment":[{"href":"https:\/\/foreningen-motiv.dk\/index.php?rest_route=%2Fwp%2Fv2%2Fmedia&parent=69"}],"curies":[{"name":"wp","href":"https:\/\/api.w.org\/{rel}","templated":true}]}}